{"id":14875,"date":"2023-09-04T13:07:29","date_gmt":"2023-09-04T11:07:29","guid":{"rendered":"https:\/\/daisec.de\/?post_type=tribe_events&#038;p=14875"},"modified":"2023-09-14T09:30:57","modified_gmt":"2023-09-14T07:30:57","slug":"zukunftsdialog-handwerk-fit-fur-den-wandel","status":"publish","type":"tribe_events","link":"https:\/\/daisec.de\/en\/event\/zukunftsdialog-handwerk-fit-fur-den-wandel\/","title":{"rendered":"Zukunftsdialog Handwerk: Fit f\u00fcr den Wandel &#8211; Mit digitalen Helfern dem Fachkr\u00e4ftemangel begegnen"},"content":{"rendered":"\n<div style=\"height:20px\" aria-hidden=\"true\" class=\"wp-block-spacer\"><\/div>\n\n\n\n<div class=\"wp-block-columns is-layout-flex wp-container-core-columns-is-layout-9d6595d7 wp-block-columns-is-layout-flex\">\n<div class=\"wp-block-column is-layout-flow wp-block-column-is-layout-flow\" style=\"flex-basis:66.66%\"><div  class=\"tribe-events-schedule tribe-clearfix bold\" >\n\t<p class=\"tribe-events-schedule__datetime\">\n\t\t<span class=\"tribe-events-schedule__date tribe-events-schedule__date--start\">\n\t\t\t21.09.2023\t\t<\/span>\n\n\t\t\t\t\t<span class=\"tribe-events-schedule__separator tribe-events-schedule__separator--date\">\n\t\t\t\t| \t\t\t<\/span>\n\t\t\t<span class=\"tribe-events-schedule__time tribe-events-schedule__time--start\">\n\t\t\t\t10:00\t\t\t<\/span>\n\t\t\n\t\t\t\t\t\t\t\t\t<span class=\"tribe-events-schedule__separator tribe-events-schedule__separator--time\">\n\t\t\t\t\t &#8211; \t\t\t\t<\/span>\n\t\t\t\n\t\t\t\t\t\t\t<span class=\"tribe-events-schedule__time tribe-events-schedule__time--end\">\n\t\t\t\t\t16:00\t\t\t\t<\/span>\n\t\t\t\n\t\t\t\t\t\t<\/p>\n<\/div>\n<\/div>\n\n\n\n<div class=\"wp-block-column is-layout-flow wp-block-column-is-layout-flow\" style=\"flex-basis:33.33%\"><div  class=\"tribe-block tribe-block__event-price\" >\n\t\t\t<span class=\"tribe-block__event-price__cost\"> Free <\/span>\n\t\t<\/div>\n<\/div>\n<\/div>\n\n\n\n<div style=\"height:20px\" aria-hidden=\"true\" class=\"wp-block-spacer\"><\/div>\n\n\n\n<figure class=\"wp-block-image size-full bild-runde-ecken\"><img decoding=\"async\" width=\"1000\" height=\"600\" data-src=\"https:\/\/daisec.de\/wp-content\/uploads\/2023\/09\/Banner-Themenkonferenz-Fit-fuer-den-Wandel_klein.png\" alt=\"\" class=\"wp-image-14883 lazyload\" data-srcset=\"https:\/\/daisec.de\/wp-content\/uploads\/2023\/09\/Banner-Themenkonferenz-Fit-fuer-den-Wandel_klein.png 1000w, https:\/\/daisec.de\/wp-content\/uploads\/2023\/09\/Banner-Themenkonferenz-Fit-fuer-den-Wandel_klein-300x180.png 300w, https:\/\/daisec.de\/wp-content\/uploads\/2023\/09\/Banner-Themenkonferenz-Fit-fuer-den-Wandel_klein-768x461.png 768w, https:\/\/daisec.de\/wp-content\/uploads\/2023\/09\/Banner-Themenkonferenz-Fit-fuer-den-Wandel_klein-18x12.png 18w\" data-sizes=\"(max-width: 1000px) 100vw, 1000px\" src=\"data:image\/svg+xml;base64,PHN2ZyB3aWR0aD0iMSIgaGVpZ2h0PSIxIiB4bWxucz0iaHR0cDovL3d3dy53My5vcmcvMjAwMC9zdmciPjwvc3ZnPg==\" style=\"--smush-placeholder-width: 1000px; --smush-placeholder-aspect-ratio: 1000\/600;\" \/><\/figure>\n\n\n\n<div style=\"height:20px\" aria-hidden=\"true\" class=\"wp-block-spacer\"><\/div>\n\n\n\n<div class=\"wp-block-group is-nowrap is-layout-flex wp-container-core-group-is-layout-ad2f72ca wp-block-group-is-layout-flex\">\n<div class=\"wp-block-columns is-layout-flex wp-container-core-columns-is-layout-9d6595d7 wp-block-columns-is-layout-flex\">\n<div class=\"wp-block-column is-layout-flow wp-block-column-is-layout-flow\" style=\"flex-basis:66.66%\">\n<p><strong>Themenkonferenz der Mittelstand-Digital Zentren deutschlandweit und der IG Metall<\/strong><\/p>\n\n\n\n<p>Die Gewinnung und Bindung von Fachkr\u00e4ften stellt f\u00fcr kleine und mittlere Unternehmen und Handwerksbetriebe derzeit eine gro\u00dfe Herausforderung dar. Sie agieren h\u00e4ufig im Schatten von Gro\u00dfunternehmen und sind als attraktive Arbeitgeber oft weniger sichtbar. Chancen der KMU liegen beispielsweise in der M\u00f6glichkeit, schnell und flexibel zu agieren und Arbeitsprozesse entlang der Bed\u00fcrfnisse der Besch\u00e4ftigten und unter Einsatz moderner digitaler Technologien und k\u00fcnstlicher Intelligenz zu gestalten. Digitall\u00f6sungen richtig eingef\u00fchrt und eingesetzt stellen nicht nur unter Beweis, dass ein modernes Arbeitsumfeld auch im Mittelstand m\u00f6glich ist. Sie er\u00f6ffnen auch vielf\u00e4ltige Chancen, die Besch\u00e4ftigten in den Arbeitsprozessen zu entlasten und zu unterst\u00fctzen.<\/p>\n\n\n\n<p><br>Ziel der Veranstaltung ist es daher, die M\u00f6glichkeiten der Digitalisierung als einen Aspekt der Fachkr\u00e4ftesicherung zu beleuchten und \u00fcber die Chancen und Risiken durch den Wandel der Arbeitswelt zu diskutieren. Mit Hilfe verschiedener Praxisbeispiele aus mittelst\u00e4ndischen Unternehmen soll aufgezeigt werden, wie der Einsatz digitaler L\u00f6sungen dazu beitragen kann ein attraktives Arbeitsumfeld zu etablieren, neue Fachkr\u00e4fte zu gewinnen und die vorhandenen Fachkr\u00e4fte zu halten.<\/p>\n\n\n\n<p><br>Dar\u00fcber hinaus pr\u00e4sentiert die Handwerkskammer Frankfurt-Rhein-Main einen neuen Weg des hessischen Handwerks in der Berufsorientierung. Um Sch\u00fclerinnen und Sch\u00fcler f\u00fcr eine handwerkliche Ausbildung zu begeistern, haben die drei hessischen Handwerkskammern Kassel, Frankfurt-Rhein-Main und Wiesbaden zu Ausbildungsberufen Filme f\u00fcr sogenannte Virtual Reality-Brillen produziert. Mit den 360-Grad-Videos kann man einen Rundum-Blick auf verschiedene Arbeitspl\u00e4tze im Handwerk werfen.<\/p>\n\n\n\n<p><br>Einen guten Einstieg in die Thematik bieten die Keynotes von Ralf Kutzner, Gesch\u00e4ftsf\u00fchrendes Vorstandsmitglied der IG Metall, und Martina Giesler, Leiterin des Referats VII B 1 im Bundesministerium f\u00fcr Wirtschaft und Klimaschutz (BMWK).<\/p>\n\n\n\n<p><br>Zudem laden die gro\u00dfz\u00fcgigen Pausen mit Verpflegung vor Ort zum Netzwerken ein und bieten die M\u00f6glichkeit, mit Hilfe verschiedener Demonstratoren neue Technologien und ihre Einsatzm\u00f6glichkeiten selbst zu erkunden.<\/p>\n\n\n\n<div style=\"height:40px\" aria-hidden=\"true\" class=\"wp-block-spacer\"><\/div>\n\n\n\n<p style=\"font-size:22px\"><strong><a href=\"https:\/\/daisec.de\/wp-content\/uploads\/2023\/09\/Einladung_Themenkonferenz.pdf\" data-type=\"link\" data-id=\"https:\/\/daisec.de\/wp-content\/uploads\/2023\/09\/Einladung_Themenkonferenz.pdf\">Hier finden Sie das vollst\u00e4ndige Programm.<\/a><\/strong><\/p>\n\n\n\n<div style=\"height:40px\" aria-hidden=\"true\" class=\"wp-block-spacer\"><\/div>\n\n\n\n<h4 class=\"wp-block-heading\">Highlights aus dem Programm<\/h4>\n\n\n\n<p>13:45 Uhr: Einsatzm\u00f6glichkeiten f\u00fcr K\u00fcnstliche Intelligenz im Handwerk &#8211; Bildgenerierende KI f\u00fcr das Tischlerhandwerk mit DAISEC-Experten <a href=\"https:\/\/daisec.de\/2023\/07\/20\/daisec-team-stellt-sich-vor-walter-pirk\/\" data-type=\"post\" data-id=\"13776\">Walter Pirk<\/a> und <a href=\"https:\/\/daisec.de\/2023\/06\/28\/daisec-team-stellt-sich-vor-julian-laue\/\" data-type=\"post\" data-id=\"13468\">Julian Laue<\/a><\/p>\n<\/div>\n\n\n\n<div class=\"wp-block-column is-layout-flow wp-block-column-is-layout-flow\" style=\"flex-basis:5%\"><\/div>\n\n\n\n<div class=\"wp-block-column is-layout-flow wp-block-column-is-layout-flow\" style=\"flex-basis:33.33%\">\n<div class=\"wp-block-columns is-layout-flex wp-container-core-columns-is-layout-9d6595d7 wp-block-columns-is-layout-flex\">\n<div class=\"wp-block-column event-rund-platz3 has-colibri-color-8-background-color has-background is-layout-flow wp-block-column-is-layout-flow\">\n<h4 class=\"wp-block-heading\">Organisatoren<\/h4>\n\n\n<div  class=\"tribe-block tribe-block__organizer__details tribe-clearfix\" >\n\t<div class=\"tribe-block__organizer__title\">\n\t\t<h3><a href=\"https:\/\/daisec.de\/en\/organizer\/\" title=\"Mittelstand-Digital Zentren\" target=\"_self\" rel=\"\">Mittelstand-Digital Zentren<\/a><\/h3>\n\t<\/div>\n\t\t\t\t<p class=\"tribe-block__organizer__website\"><a href=\"https:\/\/www.mittelstand-digital.de\/MD\/Navigation\/DE\/Praxis\/Kompetenzzentren\/kompetenzzentren.html\" target=\"_blank\" rel=\"noopener noreferrer\">View Organizer Website<\/a><\/p>\n\t\t<\/div>\n\n\n<div  class=\"tribe-block tribe-block__organizer__details tribe-clearfix\" >\n\t<div class=\"tribe-block__organizer__title\">\n\t\t<h3><a href=\"https:\/\/daisec.de\/en\/organizer\/\" title=\"IG Metall\" target=\"_self\" rel=\"\">IG Metall<\/a><\/h3>\n\t<\/div>\n\t\t\t\t<p class=\"tribe-block__organizer__website\"><a href=\"https:\/\/www.igmetall.de\" target=\"_blank\" rel=\"noopener noreferrer\">View Organizer Website<\/a><\/p>\n\t\t<\/div>\n\n\n\n<hr class=\"wp-block-separator has-text-color has-colibri-color-8-color has-alpha-channel-opacity has-colibri-color-8-background-color has-background is-style-wide\"\/>\n\n\n\t<div  class=\"tribe-block tribe-block__events-link\" >\n\t\t<div class=\"tribe-events tribe-common\">\n\t\t\t<div class=\"tribe-events-c-subscribe-dropdown__container\">\n\t\t\t\t<div class=\"tribe-events-c-subscribe-dropdown\">\n\t\t\t\t\t<div class=\"tribe-common-c-btn-border tribe-events-c-subscribe-dropdown__button\">\n\t\t\t\t\t\t<svg\n\t class=\"tribe-common-c-svgicon tribe-common-c-svgicon--cal-export tribe-events-c-subscribe-dropdown__export-icon\" \taria-hidden=\"true\"\n\tviewBox=\"0 0 23 17\"\n\txmlns=\"http:\/\/www.w3.org\/2000\/svg\"\n>\n\t<path fill-rule=\"evenodd\" clip-rule=\"evenodd\" d=\"M.128.896V16.13c0 .211.145.383.323.383h15.354c.179 0 .323-.172.323-.383V.896c0-.212-.144-.383-.323-.383H.451C.273.513.128.684.128.896Zm16 6.742h-.901V4.679H1.009v10.729h14.218v-3.336h.901V7.638ZM1.01 1.614h14.218v2.058H1.009V1.614Z\" \/>\n\t<path d=\"M20.5 9.846H8.312M18.524 6.953l2.89 2.909-2.855 2.855\" stroke-width=\"1.2\" stroke-linecap=\"round\" stroke-linejoin=\"round\"\/>\n<\/svg>\n\t\t\t\t\t\t<button\n\t\t\t\t\t\t\tclass=\"tribe-events-c-subscribe-dropdown__button-text\"\n\t\t\t\t\t\t\taria-expanded=\"false\"\n\t\t\t\t\t\t\taria-controls=\"tribe-events-subscribe-dropdown-content\"\n\t\t\t\t\t\t\taria-label=\"View links to add events to your calendar\"\n\t\t\t\t\t\t>\n\t\t\t\t\t\t\tAdd to calendar\t\t\t\t\t\t<\/button>\n\t\t\t\t\t\t<svg\n\t class=\"tribe-common-c-svgicon tribe-common-c-svgicon--caret-down tribe-events-c-subscribe-dropdown__button-icon\" \taria-hidden=\"true\"\n\tviewBox=\"0 0 10 7\"\n\txmlns=\"http:\/\/www.w3.org\/2000\/svg\"\n>\n\t<path fill-rule=\"evenodd\" clip-rule=\"evenodd\" d=\"M1.008.609L5 4.6 8.992.61l.958.958L5 6.517.05 1.566l.958-.958z\" class=\"tribe-common-c-svgicon__svg-fill\"\/>\n<\/svg>\n\t\t\t\t\t<\/div>\n\t\t\t\t\t<div id=\"tribe-events-subscribe-dropdown-content\" class=\"tribe-events-c-subscribe-dropdown__content\">\n\t\t\t\t\t\t<ul class=\"tribe-events-c-subscribe-dropdown__list\">\n\t\t\t\t\t\t\t\t\t\t\t\t\t\t\t<li class=\"tribe-events-c-subscribe-dropdown__list-item tribe-events-c-subscribe-dropdown__list-item--gcal\">\n\t\t\t\t\t\t\t\t\t<a href=\"https:\/\/www.google.com\/calendar\/event?action=TEMPLATE&#038;dates=20230921T100000\/20230921T160000&#038;text=Zukunftsdialog%20Handwerk%3A%20Fit%20f%C3%BCr%20den%20Wandel%20%26%238211%3B%20Mit%20digitalen%20Helfern%20dem%20Fachkr%C3%A4ftemangel%20begegnen&#038;details=%3Cdiv+style%3D%22height%3A20px%22+aria-hidden%3D%22true%22+class%3D%22wp-block-spacer%22%3E%3C%2Fdiv%3E%3Cdiv+class%3D%22wp-block-columns%22%3E%3Cdiv+class%3D%22wp-block-column%22+style%3D%22flex-basis%3A66.66%25%22%3E%3C%2Fdiv%3E%3Cdiv+class%3D%22wp-block-column%22+style%3D%22flex-basis%3A33.33%25%22%3E%3C%2Fdiv%3E%3C%2Fdiv%3E%3Cdiv+style%3D%22height%3A20px%22+aria-hidden%3D%22true%22+class%3D%22wp-block-spacer%22%3E%3C%2Fdiv%3E%3Cfigure+class%3D%22wp-block-image+size-full+bild-runde-ecken%22%3E%3Cimg+src%3D%22https%3A%2F%2Fdaisec.de%2Fwp-content%2Fuploads%2F2023%2F09%2FBanner-Themenkonferenz-Fit-fuer-den-Wandel_klein.png%22+alt%3D%22%22+class%3D%22wp-image-14883%22%2F%3E%3C%2Ffigure%3E%3Cdiv+style%3D%22height%3A20px%22+aria-hidden%3D%22true%22+class%3D%22wp-block-spacer%22%3E%3C%2Fdiv%3E%3Cdiv+class%3D%22wp-block-group%22%3E%3Cdiv+class%3D%22wp-block-columns%22%3E%3Cdiv+class%3D%22wp-block-column%22+style%3D%22flex-basis%3A66.66%25%22%3E%3Cp%3E%3Cstrong%3EThemenkonferenz+der+Mittelstand-Digital+Zentren+deutschlandweit+und+der+IG+Metall%3C%2Fstrong%3E%3C%2Fp%3E+%3Cp%3EDie+Gewinnung+und+Bindung+von+Fachkr%C3%A4ften+stellt+f%C3%BCr+kleine+und+mittlere+Unternehmen+und+Handwerksbetriebe+derzeit+eine+gro%C3%9Fe+Herausforderung+dar.+Sie%3C%2Fp%3E%3C%2Fdiv%3E%3C%2Fdiv%3E%3C%2Fdiv%3E+%28View+Full+event+Description+Here%3A+https%3A%2F%2Fdaisec.de%2Fen%2Fevent%2Fzukunftsdialog-handwerk-fit-fur-den-wandel%2F%29&#038;location=IG%20Metall,%20Wilhelm-Leuschner-Str.%2069,%20Frankfurt%20am%20Main,%20Hessen,%2060329,%20Germany&#038;trp=false&#038;ctz=Europe\/Berlin&#038;sprop=website:https:\/\/daisec.de\/en\" class=\"tribe-events-c-subscribe-dropdown__list-item-link\" target=\"_blank\" rel=\"noopener noreferrer nofollow noindex\">\n\t\t\t\t\t\t\t\t\t\tGoogle Calendar\t\t\t\t\t\t\t\t\t<\/a>\n\t\t\t\t\t\t\t\t<\/li>\n\t\t\t\t\t\t\t\t\t\t\t\t\t\t\t<li class=\"tribe-events-c-subscribe-dropdown__list-item tribe-events-c-subscribe-dropdown__list-item--ical\">\n\t\t\t\t\t\t\t\t\t<a\n\t\t\t\t\t\t\t\t\t\thref=\"\"\n\t\t\t\t\t\t\t\t\t\tclass=\"tribe-events-c-subscribe-dropdown__list-item-link\"\n\t\t\t\t\t\t\t\t\t\ttarget=\"_blank\"\n\t\t\t\t\t\t\t\t\t\trel=\"noopener noreferrer nofollow noindex\"\n\t\t\t\t\t\t\t\t\t>\n\t\t\t\t\t\t\t\t\t\tiCalendar\t\t\t\t\t\t\t\t\t<\/a>\n\t\t\t\t\t\t\t\t<\/li>\n\t\t\t\t\t\t\t\t\t\t\t\t\t\t\t<li class=\"tribe-events-c-subscribe-dropdown__list-item tribe-events-c-subscribe-dropdown__list-item--outlook-365\">\n\t\t\t\t\t\t\t\t\t<a\n\t\t\t\t\t\t\t\t\t\thref=\"\"\n\t\t\t\t\t\t\t\t\t\tclass=\"tribe-events-c-subscribe-dropdown__list-item-link\"\n\t\t\t\t\t\t\t\t\t\ttarget=\"_blank\"\n\t\t\t\t\t\t\t\t\t\trel=\"noopener noreferrer nofollow noindex\"\n\t\t\t\t\t\t\t\t\t>\n\t\t\t\t\t\t\t\t\t\tOutlook 365\t\t\t\t\t\t\t\t\t<\/a>\n\t\t\t\t\t\t\t\t<\/li>\n\t\t\t\t\t\t\t\t\t\t\t\t\t\t\t<li class=\"tribe-events-c-subscribe-dropdown__list-item tribe-events-c-subscribe-dropdown__list-item--outlook-live\">\n\t\t\t\t\t\t\t\t\t<a\n\t\t\t\t\t\t\t\t\t\thref=\"\"\n\t\t\t\t\t\t\t\t\t\tclass=\"tribe-events-c-subscribe-dropdown__list-item-link\"\n\t\t\t\t\t\t\t\t\t\ttarget=\"_blank\"\n\t\t\t\t\t\t\t\t\t\trel=\"noopener noreferrer nofollow noindex\"\n\t\t\t\t\t\t\t\t\t>\n\t\t\t\t\t\t\t\t\t\tOutlook Live\t\t\t\t\t\t\t\t\t<\/a>\n\t\t\t\t\t\t\t\t<\/li>\n\t\t\t\t\t\t\t\t\t\t\t\t\t<\/ul>\n\t\t\t\t\t<\/div>\n\t\t\t\t<\/div>\n\t\t\t<\/div>\n\t\t<\/div>\n\t<\/div>\n\n<\/div>\n<\/div>\n<\/div>\n<\/div>\n<\/div>\n\n\n\n<div style=\"height:40px\" aria-hidden=\"true\" class=\"wp-block-spacer\"><\/div>\n\n\n\n<hr class=\"wp-block-separator has-text-color has-colibri-color-8-color has-alpha-channel-opacity has-colibri-color-8-background-color has-background is-style-wide\"\/>\n\n\n\n<div style=\"height:30px\" aria-hidden=\"true\" class=\"wp-block-spacer\"><\/div>\n\n\n\n<div style=\"height:30px\" aria-hidden=\"true\" class=\"wp-block-spacer\"><\/div>\n\n\n\n<div class=\"wp-block-group full-width event-rund-platz2 has-colibri-color-8-background-color has-background is-content-justification-center is-layout-flex wp-container-core-group-is-layout-64b26803 wp-block-group-is-layout-flex\">\n<div class=\"wp-block-columns is-layout-flex wp-container-core-columns-is-layout-9d6595d7 wp-block-columns-is-layout-flex\">\n<div class=\"wp-block-column is-layout-flow wp-block-column-is-layout-flow\">\n<figure class=\"wp-block-image size-full is-resized is-style-rounded\"><img decoding=\"async\" data-src=\"https:\/\/daisec.de\/wp-content\/uploads\/2023\/06\/DAISEC-Anmeldung-Icon.png\" alt=\"\" class=\"wp-image-13027 lazyload\" style=\"--smush-placeholder-width: 150px; --smush-placeholder-aspect-ratio: 150\/150;width:150px;height:150px\" width=\"150\" height=\"150\" data-srcset=\"https:\/\/daisec.de\/wp-content\/uploads\/2023\/06\/DAISEC-Anmeldung-Icon.png 500w, https:\/\/daisec.de\/wp-content\/uploads\/2023\/06\/DAISEC-Anmeldung-Icon-300x300.png 300w, https:\/\/daisec.de\/wp-content\/uploads\/2023\/06\/DAISEC-Anmeldung-Icon-150x150.png 150w, https:\/\/daisec.de\/wp-content\/uploads\/2023\/06\/DAISEC-Anmeldung-Icon-12x12.png 12w\" data-sizes=\"(max-width: 150px) 100vw, 150px\" src=\"data:image\/svg+xml;base64,PHN2ZyB3aWR0aD0iMSIgaGVpZ2h0PSIxIiB4bWxucz0iaHR0cDovL3d3dy53My5vcmcvMjAwMC9zdmciPjwvc3ZnPg==\" \/><\/figure>\n<\/div>\n\n\n\n<div class=\"wp-block-column is-vertically-aligned-center is-layout-flow wp-block-column-is-layout-flow\">\n<h4 class=\"wp-block-heading\" style=\"font-size:30px;font-style:normal;font-weight:800\">Anmeldung<\/h4>\n\n\n\n<p><a href=\"https:\/\/handwerk.igmetall.events\/frontend\/event\/2\" target=\"_blank\" rel=\"noopener\">Hier geht es zur kostenlosen Anmeldung<\/a><\/p>\n<\/div>\n<\/div>\n<\/div>\n\n\n\n<div style=\"height:90px\" aria-hidden=\"true\" class=\"wp-block-spacer\"><\/div>\n\n\n\n<h4 class=\"wp-block-heading has-text-align-center\" style=\"font-size:30px;font-style:normal;font-weight:800\">Veranstaltungsort<\/h4>\n\n\n\n<div class=\"wp-block-group full-width is-content-justification-center is-nowrap is-layout-flex wp-container-core-group-is-layout-94bc23d7 wp-block-group-is-layout-flex\">\n<div class=\"wp-block-columns are-vertically-aligned-center is-layout-flex wp-container-core-columns-is-layout-9d6595d7 wp-block-columns-is-layout-flex\">\n<div class=\"wp-block-column is-vertically-aligned-center is-layout-flow wp-block-column-is-layout-flow\">\n<figure class=\"wp-block-image size-full is-resized\"><img decoding=\"async\" data-src=\"https:\/\/daisec.de\/wp-content\/uploads\/2023\/08\/DAISEC-Event-Location-Icon-Image.gif\" alt=\"\" class=\"wp-image-14435 lazyload\" style=\"--smush-placeholder-width: 250px; --smush-placeholder-aspect-ratio: 250\/250;object-fit:cover;width:250px;height:250px\" width=\"250\" height=\"250\" src=\"data:image\/svg+xml;base64,PHN2ZyB3aWR0aD0iMSIgaGVpZ2h0PSIxIiB4bWxucz0iaHR0cDovL3d3dy53My5vcmcvMjAwMC9zdmciPjwvc3ZnPg==\" \/><\/figure>\n<\/div>\n\n\n\n<div class=\"wp-block-column is-vertically-aligned-center is-layout-flow wp-block-column-is-layout-flow\">\n<div class=\"wp-block-group is-vertical is-content-justification-center is-layout-flex wp-container-core-group-is-layout-4b2eccd6 wp-block-group-is-layout-flex\"><div  class=\"tribe-block tribe-block__venue tribe-clearfix\" >\n\t\n\t\n<div class=\"tribe-block__venue__meta\">\n\t<div class=\"tribe-block__venue__name\">\n\t\t<h3><a href=\"https:\/\/daisec.de\/en\/venue\/\" title=\"IG Metall\">IG Metall<\/a><\/h3>\n\t<\/div>\n\n\t\n\t\t\t\t\t\t<address class=\"tribe-block__venue__address\">\n\t\t\t\t<span class=\"tribe-address\">\n\n<span class=\"tribe-street-address\">Wilhelm-Leuschner-Str. 69<\/span>\n\t\n\t\t<br>\n\t\t<span class=\"tribe-locality\">Frankfurt am Main<\/span><span class=\"tribe-delimiter\">,<\/span>\n\n\t<abbr class=\"tribe-region tribe-events-abbr\" title=\"Hessen\">Hessen<\/abbr>\n\n\t<span class=\"tribe-postal-code\">60329<\/span>\n\n\t<span class=\"tribe-country-name\">Germany<\/span>\n\n<\/span>\n\n\t\t\t\t\t\t\t\t\t<a class=\"tribe-events-gmap\" href=\"https:\/\/maps.google.com\/maps?f=q&#038;source=s_q&#038;hl=en&#038;geocode=&#038;q=Wilhelm-Leuschner-Str.+69+Frankfurt+am+Main+Hessen+60329+Germany\" title=\"Click to view a Google Map\" target=\"_blank\" rel=\"noreferrer noopener\">+ Google Map<\/a>\t\t\t\t\t\t\t<\/address>\n\t\t\n\t\t\n\t\t\t\n\t<\/div>\n\t\n\t<\/div>\n<\/div>\n<\/div>\n<\/div>\n<\/div>\n\n\n\n<div style=\"height:10px\" aria-hidden=\"true\" class=\"wp-block-spacer\"><\/div>\n\n\n\n<div style=\"height:20px\" aria-hidden=\"true\" class=\"wp-block-spacer\"><\/div>\n\n\n\n<hr class=\"wp-block-separator has-text-color has-alpha-channel-opacity has-background is-style-wide\" style=\"background-color:#ededed;color:#ededed\"\/>\n\n\n\n<div  class=\"tribe-compatibility-container\" >\n\t<div\n\t\t class=\"tribe-common tribe-events tribe-events-view tribe-events-view--widget-events-list tribe-events-widget\" \t\tdata-js=\"tribe-events-view\"\n\t\tdata-view-rest-url=\"https:\/\/daisec.de\/en\/wp-json\/tribe\/views\/v2\/html\"\n\t\tdata-view-manage-url=\"1\"\n\t\t\t\t\t\t\tdata-view-breakpoint-pointer=\"e9de4858-9b5f-4942-8556-216e0f61c317\"\n\t\t\t>\n\t\t<div class=\"tribe-events-widget-events-list\">\n\n\t\t\t<script type=\"application\/ld+json\">\r\n[{\"@context\":\"http:\/\/schema.org\",\"@type\":\"Event\",\"name\":\"KI-Wissensmanagement mit LLMs, RAG und lokalen sowie cloudbasierten Ans\\u00e4tzen 1 \\u2013 \\u00dcberblick und Orientierung\",\"description\":\"&lt;p&gt;In diesem Workshop zeigen wir, wie K\\u00fcnstliche Intelligenz - insbesondere Large Language Models (LLMs) in Kombination mit Retrieval-Augmented Generation (RAG) - genutzt werden kann, um ein intelligentes Wissensmanagement auf Basis bestehender Dokumente aufzubauen.&lt;\/p&gt;\\\\n\",\"image\":\"https:\/\/daisec.de\/wp-content\/uploads\/2026\/04\/2026-04-DAISEC-KI-Wissensmanagement-LLM-RAG-Cloud.png\",\"url\":\"https:\/\/daisec.de\/en\/event\/ki-wissensmanagement-llms-rag-cloud-uberblick-und-orientierung-29-04-26\/\",\"offers\":[{\"@type\":\"Offer\",\"url\":\"https:\/\/daisec.de\/en\/event\/ki-wissensmanagement-llms-rag-cloud-uberblick-und-orientierung-29-04-26\/\",\"price\":\"0\",\"category\":\"primary\",\"availability\":\"InStock\",\"priceCurrency\":\"USD\",\"validFrom\":\"2026-04-08T00:00:00+00:00\",\"validThrough\":\"2026-04-28T00:00:00+00:00\"}],\"eventAttendanceMode\":\"https:\/\/schema.org\/OfflineEventAttendanceMode\",\"eventStatus\":\"https:\/\/schema.org\/EventScheduled\",\"startDate\":\"2026-04-29T14:00:00+02:00\",\"endDate\":\"2026-04-29T15:30:00+02:00\",\"location\":{\"@type\":\"Place\",\"name\":\"Online\",\"description\":\"\",\"url\":\"https:\/\/daisec.de\/en\/venue\/\",\"address\":{\"@type\":\"PostalAddress\"},\"telephone\":\"\",\"sameAs\":\"\"},\"performer\":\"Organization\"},{\"@context\":\"http:\/\/schema.org\",\"@type\":\"Event\",\"name\":\"2. KI Werkbank Forum 2026 (Lingen)\",\"description\":\"&lt;p&gt;Das KI Werkbank Forum bringt Unternehmen, Start-ups, Gr\\u00fcnder und Verwaltung zusammen, um den sinnvollen und effizienten Einsatz von K\\u00fcnstlicher Intelligenz gemeinsam zu gestalten \\u2013 partizipativ, praxisnah und zukunftsorientiert.&lt;\/p&gt;\\\\n\",\"image\":\"https:\/\/daisec.de\/wp-content\/uploads\/2025\/05\/KI-Werkbank.png\",\"url\":\"https:\/\/www.it-emsland.de\/veranstaltung-temp\/2-ki-werkbank-forum-2026-lingen\/\",\"eventAttendanceMode\":\"https:\/\/schema.org\/OfflineEventAttendanceMode\",\"eventStatus\":\"https:\/\/schema.org\/EventScheduled\",\"startDate\":\"2026-05-07T16:30:00+02:00\",\"endDate\":\"2026-05-07T19:00:00+02:00\",\"performer\":\"Organization\"},{\"@context\":\"http:\/\/schema.org\",\"@type\":\"Event\",\"name\":\"KI-Agenten in der Produktion\",\"description\":\"&lt;p&gt;Entlasten Sie Ihr Team von zeitraubender Routinearbeit - wir zeigen Ihnen, wie Sie KI nicht nur als Chatbot, sondern als echten digitalen Mitarbeiter in Ihr Unternehmen integrieren, der Prozesse beschleunigt und Freir\\u00e4ume f\\u00fcr strategische Aufgaben schafft.&lt;\/p&gt;\\\\n\",\"image\":\"https:\/\/daisec.de\/wp-content\/uploads\/2025\/12\/2026-05-12-DAISEC-Event-KI-Agenten-in-der-Produktion.png\",\"url\":\"https:\/\/daisec.de\/en\/event\/ki-agenten-produktion-12-05-2026\/\",\"offers\":[{\"@type\":\"Offer\",\"url\":\"https:\/\/daisec.de\/en\/event\/ki-agenten-produktion-12-05-2026\/\",\"price\":\"0\",\"category\":\"primary\",\"availability\":\"InStock\",\"priceCurrency\":\"USD\",\"validFrom\":\"2025-12-16T00:00:00+00:00\",\"validThrough\":\"2026-05-12T00:00:00+00:00\"}],\"eventAttendanceMode\":\"https:\/\/schema.org\/OfflineEventAttendanceMode\",\"eventStatus\":\"https:\/\/schema.org\/EventScheduled\",\"startDate\":\"2026-05-12T10:00:00+02:00\",\"endDate\":\"2026-05-12T11:30:00+02:00\",\"location\":{\"@type\":\"Place\",\"name\":\"Online\",\"description\":\"\",\"url\":\"https:\/\/daisec.de\/en\/venue\/\",\"address\":{\"@type\":\"PostalAddress\"},\"telephone\":\"\",\"sameAs\":\"\"},\"performer\":\"Organization\"}]\r\n<\/script>\n\t\t\t<script data-js=\"tribe-events-view-data\" type=\"application\/json\">\n\t{\"slug\":\"widget-events-list\",\"prev_url\":\"\",\"next_url\":\"https:\\\/\\\/daisec.de\\\/en\\\/?post_type=tribe_events&eventDisplay=widget-events-list&paged=2\",\"view_class\":\"Tribe\\\\Events\\\\Views\\\\V2\\\\Views\\\\Widgets\\\\Widget_List_View\",\"view_slug\":\"widget-events-list\",\"view_label\":\"View\",\"view\":null,\"should_manage_url\":true,\"id\":null,\"alias-slugs\":null,\"title\":\"Events from 28.04. \\u2013 12.05. \\u2013 DAISEC\",\"limit\":\"3\",\"no_upcoming_events\":true,\"featured_events_only\":false,\"jsonld_enable\":true,\"tribe_is_list_widget\":false,\"admin_fields\":{\"title\":{\"label\":\"Title:\",\"type\":\"text\",\"parent_classes\":\"\",\"classes\":\"\",\"dependency\":\"\",\"id\":\"widget-tribe-widget-events-list--1-title\",\"name\":\"widget-tribe-widget-events-list[-1][title]\",\"options\":[],\"placeholder\":\"\",\"value\":null},\"limit\":{\"label\":\"Show:\",\"type\":\"number\",\"default\":5,\"min\":1,\"max\":10,\"step\":1,\"parent_classes\":\"\",\"classes\":\"\",\"dependency\":\"\",\"id\":\"widget-tribe-widget-events-list--1-limit\",\"name\":\"widget-tribe-widget-events-list[-1][limit]\",\"options\":[],\"placeholder\":\"\",\"value\":null},\"metadata_section\":{\"type\":\"fieldset\",\"classes\":\"tribe-common-form-control-checkbox-checkbox-group\",\"label\":\"Display:\",\"children\":{\"cost\":{\"type\":\"checkbox\",\"label\":\"Price\",\"parent_classes\":\"\",\"classes\":\"\",\"dependency\":\"\",\"id\":\"widget-tribe-widget-events-list--1-cost\",\"name\":\"widget-tribe-widget-events-list[-1][cost]\",\"options\":[],\"placeholder\":\"\",\"value\":null},\"venue\":{\"type\":\"checkbox\",\"label\":\"Venue\",\"parent_classes\":\"\",\"classes\":\"\",\"dependency\":\"\",\"id\":\"widget-tribe-widget-events-list--1-venue\",\"name\":\"widget-tribe-widget-events-list[-1][venue]\",\"options\":[],\"placeholder\":\"\",\"value\":null},\"street\":{\"type\":\"checkbox\",\"label\":\"Street\",\"parent_classes\":\"\",\"classes\":\"\",\"dependency\":\"\",\"id\":\"widget-tribe-widget-events-list--1-street\",\"name\":\"widget-tribe-widget-events-list[-1][street]\",\"options\":[],\"placeholder\":\"\",\"value\":null},\"city\":{\"type\":\"checkbox\",\"label\":\"City\",\"parent_classes\":\"\",\"classes\":\"\",\"dependency\":\"\",\"id\":\"widget-tribe-widget-events-list--1-city\",\"name\":\"widget-tribe-widget-events-list[-1][city]\",\"options\":[],\"placeholder\":\"\",\"value\":null},\"region\":{\"type\":\"checkbox\",\"label\":\"State (US) Or Province (Int)\",\"parent_classes\":\"\",\"classes\":\"\",\"dependency\":\"\",\"id\":\"widget-tribe-widget-events-list--1-region\",\"name\":\"widget-tribe-widget-events-list[-1][region]\",\"options\":[],\"placeholder\":\"\",\"value\":null},\"zip\":{\"type\":\"checkbox\",\"label\":\"Postal Code\",\"parent_classes\":\"\",\"classes\":\"\",\"dependency\":\"\",\"id\":\"widget-tribe-widget-events-list--1-zip\",\"name\":\"widget-tribe-widget-events-list[-1][zip]\",\"options\":[],\"placeholder\":\"\",\"value\":null},\"country\":{\"type\":\"checkbox\",\"label\":\"Country\",\"parent_classes\":\"\",\"classes\":\"\",\"dependency\":\"\",\"id\":\"widget-tribe-widget-events-list--1-country\",\"name\":\"widget-tribe-widget-events-list[-1][country]\",\"options\":[],\"placeholder\":\"\",\"value\":null},\"phone\":{\"type\":\"checkbox\",\"label\":\"Phone\",\"parent_classes\":\"\",\"classes\":\"\",\"dependency\":\"\",\"id\":\"widget-tribe-widget-events-list--1-phone\",\"name\":\"widget-tribe-widget-events-list[-1][phone]\",\"options\":[],\"placeholder\":\"\",\"value\":null},\"organizer\":{\"type\":\"checkbox\",\"label\":\"Organizer\",\"parent_classes\":\"\",\"classes\":\"\",\"dependency\":\"\",\"id\":\"widget-tribe-widget-events-list--1-organizer\",\"name\":\"widget-tribe-widget-events-list[-1][organizer]\",\"options\":[],\"placeholder\":\"\",\"value\":null},\"website\":{\"type\":\"checkbox\",\"label\":\"Website\",\"parent_classes\":\"\",\"classes\":\"\",\"dependency\":\"\",\"id\":\"widget-tribe-widget-events-list--1-website\",\"name\":\"widget-tribe-widget-events-list[-1][website]\",\"options\":[],\"placeholder\":\"\",\"value\":null}},\"parent_classes\":\"\",\"dependency\":\"\",\"id\":\"widget-tribe-widget-events-list--1-metadata_section\",\"name\":\"widget-tribe-widget-events-list[-1][metadata_section]\",\"options\":[],\"placeholder\":\"\",\"value\":null},\"taxonomy_section\":{\"type\":\"section\",\"classes\":[\"calendar-widget-filters-container\"],\"label\":\"Filters:\",\"children\":{\"filters\":{\"type\":\"taxonomy-filters\",\"parent_classes\":\"\",\"classes\":\"\",\"dependency\":\"\",\"id\":\"widget-tribe-widget-events-list--1-filters\",\"label\":\"\",\"name\":\"widget-tribe-widget-events-list[-1][filters]\",\"options\":[],\"placeholder\":\"\",\"value\":null,\"list_items\":[]},\"operand\":{\"type\":\"fieldset\",\"classes\":\"tribe-common-form-control-checkbox-radio-group\",\"label\":\"Operand:\",\"selected\":\"OR\",\"children\":[{\"type\":\"radio\",\"label\":\"Match any\",\"button_value\":\"OR\",\"parent_classes\":\"\",\"classes\":\"\",\"dependency\":\"\",\"id\":\"widget-tribe-widget-events-list--1-operand\",\"name\":\"widget-tribe-widget-events-list[-1][operand]\",\"options\":[],\"placeholder\":\"\",\"value\":null},{\"type\":\"radio\",\"label\":\"Match all\",\"button_value\":\"AND\",\"parent_classes\":\"\",\"classes\":\"\",\"dependency\":\"\",\"id\":\"widget-tribe-widget-events-list--1-operand\",\"name\":\"widget-tribe-widget-events-list[-1][operand]\",\"options\":[],\"placeholder\":\"\",\"value\":null}],\"parent_classes\":\"\",\"dependency\":\"\",\"id\":\"widget-tribe-widget-events-list--1-operand\",\"name\":\"widget-tribe-widget-events-list[-1][operand]\",\"options\":[],\"placeholder\":\"\",\"value\":null}},\"parent_classes\":\"\",\"dependency\":\"\",\"id\":\"widget-tribe-widget-events-list--1-taxonomy_section\",\"name\":\"widget-tribe-widget-events-list[-1][taxonomy_section]\",\"options\":[],\"placeholder\":\"\",\"value\":null},\"taxonomy\":{\"type\":\"taxonomy\",\"classes\":\"calendar-widget-add-filter\",\"label\":\"Add a filter:\",\"placeholder\":\"Select a Taxonomy Term\",\"parent_classes\":\"\",\"dependency\":\"\",\"id\":\"widget-tribe-widget-events-list--1-taxonomy\",\"name\":\"widget-tribe-widget-events-list[-1][taxonomy]\",\"options\":[],\"value\":null},\"no_upcoming_events\":{\"label\":\"Hide this widget if there are no upcoming events.\",\"type\":\"checkbox\",\"parent_classes\":\"\",\"classes\":\"\",\"dependency\":\"\",\"id\":\"widget-tribe-widget-events-list--1-no_upcoming_events\",\"name\":\"widget-tribe-widget-events-list[-1][no_upcoming_events]\",\"options\":[],\"placeholder\":\"\",\"value\":null},\"featured_events_only\":{\"label\":\"Limit to featured events only\",\"type\":\"checkbox\",\"parent_classes\":\"\",\"classes\":\"\",\"dependency\":\"\",\"id\":\"widget-tribe-widget-events-list--1-featured_events_only\",\"name\":\"widget-tribe-widget-events-list[-1][featured_events_only]\",\"options\":[],\"placeholder\":\"\",\"value\":null},\"jsonld_enable\":{\"label\":\"Generate JSON-LD data\",\"type\":\"checkbox\",\"parent_classes\":\"\",\"classes\":\"\",\"dependency\":\"\",\"id\":\"widget-tribe-widget-events-list--1-jsonld_enable\",\"name\":\"widget-tribe-widget-events-list[-1][jsonld_enable]\",\"options\":[],\"placeholder\":\"\",\"value\":null}},\"venue\":false,\"country\":false,\"street\":false,\"city\":false,\"region\":false,\"zip\":false,\"phone\":false,\"cost\":false,\"organizer\":false,\"website\":false,\"operand\":\"OR\",\"filters\":[{\"filter_object\":{\"type\":\"multiselect\",\"name\":\"Kategorie\",\"slug\":\"filterbar_category\",\"priority\":1,\"values\":[{\"name\":\"Kurzvortrag \\\"Auf den Punkt\\\"\",\"depth\":0,\"value\":49,\"data\":{\"slug\":\"auf-den-punkt\"},\"class\":\"tribe-parent-cat tribe-events-category-auf-den-punkt\"},{\"name\":\"\\u00d6ffentliche Veranstaltung\",\"depth\":0,\"value\":30,\"data\":{\"slug\":\"public\"},\"class\":\"tribe-parent-cat tribe-events-category-public\"},{\"name\":\"Qualifizierungsprogramm\",\"depth\":0,\"value\":34,\"data\":{\"slug\":\"qualifizierungsprogramm\"},\"class\":\"tribe-parent-cat tribe-events-category-qualifizierungsprogramm parent-34 has-child closed\"},{\"name\":\"Digitalisierungsmanager\",\"depth\":1,\"value\":93,\"data\":{\"slug\":\"digitalisierungsmanager\"},\"class\":\"tribe-child-cat tribe-events-category-digitalisierungsmanager child-34\"},{\"name\":\"IT-Inforeihe\",\"depth\":1,\"value\":103,\"data\":{\"slug\":\"it-inforeihe\"},\"class\":\"tribe-child-cat tribe-events-category-it-inforeihe child-34\"},{\"name\":\"KI-Inforeihe\",\"depth\":1,\"value\":64,\"data\":{\"slug\":\"ki-inforeihe\"},\"class\":\"tribe-child-cat tribe-events-category-ki-inforeihe child-34\"},{\"name\":\"Webinar\",\"depth\":0,\"value\":32,\"data\":{\"slug\":\"webinar\"},\"class\":\"tribe-parent-cat tribe-events-category-webinar\"},{\"name\":\"Workshops\",\"depth\":0,\"value\":33,\"data\":{\"slug\":\"workshops\"},\"class\":\"tribe-parent-cat tribe-events-category-workshops\"}],\"free\":null,\"currentValue\":[],\"isActiveFilter\":true,\"queryArgs\":[],\"joinClause\":\"\",\"whereClause\":\"\",\"stack_managed\":false},\"label\":\"Kategorie\",\"selections_count\":\"\",\"selections\":\"\",\"toggle_id\":\"filterbar_category-toggle-e9de4858-9b5f-4942-8556-216e0f61c317\",\"container_id\":\"filterbar_category-container-e9de4858-9b5f-4942-8556-216e0f61c317\",\"pill_toggle_id\":\"filterbar_category-pill-toggle-e9de4858-9b5f-4942-8556-216e0f61c317\",\"is_open\":false,\"name\":\"tribe_eventcategory[]\",\"fields\":[{\"type\":\"multiselect\",\"value\":\"\",\"id\":\"tribe-events-filterbar-b1523bee-filterbar_category\",\"name\":\"tribe_eventcategory[]\",\"options\":[{\"text\":\"Kurzvortrag \\\"Auf den Punkt\\\"\",\"id\":\"49\",\"value\":49},{\"text\":\"\\u00d6ffentliche Veranstaltung\",\"id\":\"30\",\"value\":30},{\"text\":\"Qualifizierungsprogramm\",\"id\":\"34\",\"value\":34},{\"text\":\"Digitalisierungsmanager\",\"id\":\"93\",\"value\":93},{\"text\":\"IT-Inforeihe\",\"id\":\"103\",\"value\":103},{\"text\":\"KI-Inforeihe\",\"id\":\"64\",\"value\":64},{\"text\":\"Webinar\",\"id\":\"32\",\"value\":32},{\"text\":\"Workshops\",\"id\":\"33\",\"value\":33}]}],\"type\":\"multiselect\"},{\"filter_object\":{\"type\":\"select\",\"name\":\"Serie\",\"slug\":\"filterbar_series_id\",\"priority\":2,\"values\":[{\"name\":\"3D-Druck Workshops\",\"value\":19583},{\"name\":\"Anwendungspotenzial von KI in der chinesischen Automobilindustrie und Transfer auf den globalen Markt\",\"value\":24099},{\"name\":\"Auf den Punkt gebracht\",\"value\":16722},{\"name\":\"Cybersicherheit f\\u00fcr Produktionsunternehmen\",\"value\":16818},{\"name\":\"Deep Dive into Deep Learning\",\"value\":16440},{\"name\":\"KI- und IT-Inforeihe\",\"value\":21360},{\"name\":\"KI-Inforeihe: Fachberatertagung e-masters\",\"value\":16407},{\"name\":\"KI-Inforeihe: Fachverband Metall NRW\",\"value\":16374},{\"name\":\"Meetup Cybersicherheit\",\"value\":14832}],\"free\":null,\"currentValue\":null,\"isActiveFilter\":true,\"queryArgs\":[],\"joinClause\":\"\",\"whereClause\":\"\",\"stack_managed\":false},\"label\":\"Serie\",\"selections_count\":\"\",\"selections\":\"\",\"toggle_id\":\"filterbar_series_id-toggle-e9de4858-9b5f-4942-8556-216e0f61c317\",\"container_id\":\"filterbar_series_id-container-e9de4858-9b5f-4942-8556-216e0f61c317\",\"pill_toggle_id\":\"filterbar_series_id-pill-toggle-e9de4858-9b5f-4942-8556-216e0f61c317\",\"is_open\":false,\"name\":\"tribe_series_id[]\",\"fields\":[{\"type\":\"dropdown\",\"value\":null,\"id\":\"tribe-events-filterbar-9c8ab23d-filterbar_series_id\",\"name\":\"tribe_series_id[]\",\"options\":[{\"text\":\"3D-Druck Workshops\",\"id\":\"19583\",\"value\":19583},{\"text\":\"Anwendungspotenzial von KI in der chinesischen Automobilindustrie und Transfer auf den globalen Markt\",\"id\":\"24099\",\"value\":24099},{\"text\":\"Auf den Punkt gebracht\",\"id\":\"16722\",\"value\":16722},{\"text\":\"Cybersicherheit f\\u00fcr Produktionsunternehmen\",\"id\":\"16818\",\"value\":16818},{\"text\":\"Deep Dive into Deep Learning\",\"id\":\"16440\",\"value\":16440},{\"text\":\"KI- und IT-Inforeihe\",\"id\":\"21360\",\"value\":21360},{\"text\":\"KI-Inforeihe: Fachberatertagung e-masters\",\"id\":\"16407\",\"value\":16407},{\"text\":\"KI-Inforeihe: Fachverband Metall NRW\",\"id\":\"16374\",\"value\":16374},{\"text\":\"Meetup Cybersicherheit\",\"id\":\"14832\",\"value\":14832}]}],\"type\":\"dropdown\"},{\"filter_object\":{\"type\":\"multiselect\",\"name\":\"Tags\",\"slug\":\"filterbar_tag\",\"priority\":3,\"values\":{\"94\":{\"name\":\"Angriff\",\"value\":94},\"137\":{\"name\":\"Cloud\",\"value\":137},\"67\":{\"name\":\"Cybersicherheit\",\"value\":67},\"188\":{\"name\":\"Forum\",\"value\":188},\"101\":{\"name\":\"innovation\",\"value\":101},\"36\":{\"name\":\"KI\",\"value\":36},\"157\":{\"name\":\"KMU\",\"value\":157},\"206\":{\"name\":\"Kultur\",\"value\":206},\"40\":{\"name\":\"Produktion\",\"value\":40},\"38\":{\"name\":\"Schulung\",\"value\":38},\"204\":{\"name\":\"Schutz\",\"value\":204},\"190\":{\"name\":\"Star-Ups\",\"value\":190},\"187\":{\"name\":\"Start-Ups\",\"value\":187},\"207\":{\"name\":\"Strategie\",\"value\":207},\"159\":{\"name\":\"Unternehmen\",\"value\":159},\"189\":{\"name\":\"Verwaltung\",\"value\":189},\"185\":{\"name\":\"Werkbank\",\"value\":185},\"205\":{\"name\":\"Wirtschaft\",\"value\":205},\"166\":{\"name\":\"Wissenschaft\",\"value\":166},\"66\":{\"name\":\"Workshop\",\"value\":66}},\"free\":null,\"currentValue\":[],\"isActiveFilter\":true,\"queryArgs\":[],\"joinClause\":\"\",\"whereClause\":\"\",\"stack_managed\":false},\"label\":\"Tags\",\"selections_count\":\"\",\"selections\":\"\",\"toggle_id\":\"filterbar_tag-toggle-e9de4858-9b5f-4942-8556-216e0f61c317\",\"container_id\":\"filterbar_tag-container-e9de4858-9b5f-4942-8556-216e0f61c317\",\"pill_toggle_id\":\"filterbar_tag-pill-toggle-e9de4858-9b5f-4942-8556-216e0f61c317\",\"is_open\":false,\"name\":\"tribe_tags[]\",\"fields\":[{\"type\":\"multiselect\",\"value\":\"\",\"id\":\"tribe-events-filterbar-6bea212b-filterbar_tag\",\"name\":\"tribe_tags[]\",\"options\":[{\"text\":\"Angriff\",\"id\":\"94\",\"value\":94},{\"text\":\"Cloud\",\"id\":\"137\",\"value\":137},{\"text\":\"Cybersicherheit\",\"id\":\"67\",\"value\":67},{\"text\":\"Forum\",\"id\":\"188\",\"value\":188},{\"text\":\"innovation\",\"id\":\"101\",\"value\":101},{\"text\":\"KI\",\"id\":\"36\",\"value\":36},{\"text\":\"KMU\",\"id\":\"157\",\"value\":157},{\"text\":\"Kultur\",\"id\":\"206\",\"value\":206},{\"text\":\"Produktion\",\"id\":\"40\",\"value\":40},{\"text\":\"Schulung\",\"id\":\"38\",\"value\":38},{\"text\":\"Schutz\",\"id\":\"204\",\"value\":204},{\"text\":\"Star-Ups\",\"id\":\"190\",\"value\":190},{\"text\":\"Start-Ups\",\"id\":\"187\",\"value\":187},{\"text\":\"Strategie\",\"id\":\"207\",\"value\":207},{\"text\":\"Unternehmen\",\"id\":\"159\",\"value\":159},{\"text\":\"Verwaltung\",\"id\":\"189\",\"value\":189},{\"text\":\"Werkbank\",\"id\":\"185\",\"value\":185},{\"text\":\"Wirtschaft\",\"id\":\"205\",\"value\":205},{\"text\":\"Wissenschaft\",\"id\":\"166\",\"value\":166},{\"text\":\"Workshop\",\"id\":\"66\",\"value\":66}]}],\"type\":\"multiselect\"},{\"filter_object\":{\"type\":\"checkbox\",\"name\":\"Wochentag\",\"slug\":\"filterbar_day_of_week\",\"priority\":4,\"values\":[{\"name\":\"Monday\",\"value\":2},{\"name\":\"Tuesday\",\"value\":3},{\"name\":\"Wednesday\",\"value\":4},{\"name\":\"Thursday\",\"value\":5},{\"name\":\"Friday\",\"value\":6},{\"name\":\"Saturday\",\"value\":7},{\"name\":\"Sunday\",\"value\":1}],\"free\":null,\"currentValue\":[],\"isActiveFilter\":true,\"queryArgs\":[],\"joinClause\":\"\",\"whereClause\":\"\",\"stack_managed\":false},\"label\":\"Wochentag\",\"selections_count\":\"\",\"selections\":\"\",\"toggle_id\":\"filterbar_day_of_week-toggle-e9de4858-9b5f-4942-8556-216e0f61c317\",\"container_id\":\"filterbar_day_of_week-container-e9de4858-9b5f-4942-8556-216e0f61c317\",\"pill_toggle_id\":\"filterbar_day_of_week-pill-toggle-e9de4858-9b5f-4942-8556-216e0f61c317\",\"is_open\":false,\"name\":\"tribe_dayofweek[]\",\"fields\":[{\"type\":\"checkbox\",\"label\":\"Monday\",\"value\":2,\"id\":\"tribe-events-filterbar-1b2e31a0-monday\",\"name\":\"tribe_dayofweek[]\",\"checked\":false},{\"type\":\"checkbox\",\"label\":\"Tuesday\",\"value\":3,\"id\":\"tribe-events-filterbar-1212c59b-tuesday\",\"name\":\"tribe_dayofweek[]\",\"checked\":false},{\"type\":\"checkbox\",\"label\":\"Wednesday\",\"value\":4,\"id\":\"tribe-events-filterbar-c1edb4df-wednesday\",\"name\":\"tribe_dayofweek[]\",\"checked\":false},{\"type\":\"checkbox\",\"label\":\"Thursday\",\"value\":5,\"id\":\"tribe-events-filterbar-4c04568f-thursday\",\"name\":\"tribe_dayofweek[]\",\"checked\":false},{\"type\":\"checkbox\",\"label\":\"Friday\",\"value\":6,\"id\":\"tribe-events-filterbar-18e918ca-friday\",\"name\":\"tribe_dayofweek[]\",\"checked\":false},{\"type\":\"checkbox\",\"label\":\"Saturday\",\"value\":7,\"id\":\"tribe-events-filterbar-2d73d5de-saturday\",\"name\":\"tribe_dayofweek[]\",\"checked\":false},{\"type\":\"checkbox\",\"label\":\"Sunday\",\"value\":1,\"id\":\"tribe-events-filterbar-58a9be5f-sunday\",\"name\":\"tribe_dayofweek[]\",\"checked\":false}],\"type\":\"checkbox\"},{\"filter_object\":{\"type\":\"multiselect\",\"name\":\"Stadt\",\"slug\":\"filterbar_city\",\"priority\":6,\"values\":[{\"name\":\"Berlin\",\"value\":\"24169\"},{\"name\":\"Braunschweig\",\"value\":\"12558-14947-15430-19573-22780\"},{\"name\":\"Frankfurt am Main\",\"value\":\"14882\"},{\"name\":\"Garbsen\",\"value\":\"13844-14504\"},{\"name\":\"Hameln\",\"value\":\"19937\"},{\"name\":\"Hannover\",\"value\":\"12369-13016-13058-13813-13819-13874-15317-16229-18424-24404-24408-13257-25894-27541\"},{\"name\":\"K\\u00f6ln\",\"value\":\"19782\"},{\"name\":\"Lingen (Ems)\",\"value\":\"15496-19105-24624\"},{\"name\":\"M\\u00fcnchen\",\"value\":\"16126\"},{\"name\":\"Nordhorn\",\"value\":\"22546-22806-24161\"},{\"name\":\"Vechta\",\"value\":\"19807\"},{\"name\":\"hannover\",\"value\":\"26446\"}],\"free\":null,\"currentValue\":[],\"isActiveFilter\":true,\"queryArgs\":[],\"joinClause\":\"\",\"whereClause\":\"\",\"searched_meta\":\"_VenueCity\",\"relation_meta\":\"_EventVenueID\",\"join_name\":\"city_filter\",\"stack_managed\":false},\"label\":\"Stadt\",\"selections_count\":\"\",\"selections\":\"\",\"toggle_id\":\"filterbar_city-toggle-e9de4858-9b5f-4942-8556-216e0f61c317\",\"container_id\":\"filterbar_city-container-e9de4858-9b5f-4942-8556-216e0f61c317\",\"pill_toggle_id\":\"filterbar_city-pill-toggle-e9de4858-9b5f-4942-8556-216e0f61c317\",\"is_open\":false,\"name\":\"tribe_city[]\",\"fields\":[{\"type\":\"multiselect\",\"value\":\"\",\"id\":\"tribe-events-filterbar-fc80029a-filterbar_city\",\"name\":\"tribe_city[]\",\"options\":[{\"text\":\"Berlin\",\"id\":\"24169\",\"value\":\"24169\"},{\"text\":\"Braunschweig\",\"id\":\"12558-14947-15430-19573-22780\",\"value\":\"12558-14947-15430-19573-22780\"},{\"text\":\"Frankfurt am Main\",\"id\":\"14882\",\"value\":\"14882\"},{\"text\":\"Garbsen\",\"id\":\"13844-14504\",\"value\":\"13844-14504\"},{\"text\":\"Hameln\",\"id\":\"19937\",\"value\":\"19937\"},{\"text\":\"Hannover\",\"id\":\"12369-13016-13058-13813-13819-13874-15317-16229-18424-24404-24408-13257-25894-27541\",\"value\":\"12369-13016-13058-13813-13819-13874-15317-16229-18424-24404-24408-13257-25894-27541\"},{\"text\":\"K\\u00f6ln\",\"id\":\"19782\",\"value\":\"19782\"},{\"text\":\"Lingen (Ems)\",\"id\":\"15496-19105-24624\",\"value\":\"15496-19105-24624\"},{\"text\":\"M\\u00fcnchen\",\"id\":\"16126\",\"value\":\"16126\"},{\"text\":\"Nordhorn\",\"id\":\"22546-22806-24161\",\"value\":\"22546-22806-24161\"},{\"text\":\"Vechta\",\"id\":\"19807\",\"value\":\"19807\"},{\"text\":\"hannover\",\"id\":\"26446\",\"value\":\"26446\"}]}],\"type\":\"multiselect\"},{\"filter_object\":{\"type\":\"multiselect\",\"name\":\"Ort\",\"slug\":\"filterbar_venue\",\"priority\":7,\"values\":[{\"name\":\"Agentur f\\u00fcr Arbeit Hannover\",\"value\":15317},{\"name\":\"Courtyard Hotel\",\"value\":13819},{\"name\":\"CyberSicher Zukunftstag\",\"value\":24169},{\"name\":\"Deutsche Messe Technology Academy\",\"value\":13813},{\"name\":\"Dr. Buhmann Schule & Akademie\",\"value\":16229},{\"name\":\"Emsland GmbH, Hasel\\u00fcnner Stra\\u00dfe 3, Meppen, Deutschland\",\"value\":25607},{\"name\":\"Forschungszentrum L3S\",\"value\":18424},{\"name\":\"Glaspalast im Forschungszentrum L3S\",\"value\":13874},{\"name\":\"Handwerkskammer Hannover\",\"value\":24404},{\"name\":\"Hasel\\u00fcnner Stra\\u00dfe 3, 49716 Meppen, Deutschland\",\"value\":24720},{\"name\":\"ICM &#8211; Internationales Congress Center M\\u00fcnchen\",\"value\":16126},{\"name\":\"IFW - Institut f\\u00fcr Fertigungstechnik und Werkzeugmaschinen - Leibniz Universit\\u00e4t Hannover\",\"value\":14504},{\"name\":\"IG Metall\",\"value\":14882},{\"name\":\"IHK Hannover\",\"value\":24408},{\"name\":\"IT-Zentrum Lingen\",\"value\":24624},{\"name\":\"IT-Zentrum Lingen\",\"value\":15496},{\"name\":\"IT-Zentrum Lingen\",\"value\":19105},{\"name\":\"IT-Zentrum Lingen, Kaiserstra\\u00dfe 10B, Lingen (Ems), Deutschland\",\"value\":25617},{\"name\":\"IT-Zentrum Lingen, Kaiserstra\\u00dfe 10B, Lingen (Ems), Deutschland\",\"value\":25695},{\"name\":\"Karriere-Campus Hannover \\u2013 Swiss Life \\u2013 Swiss-Life-Platz 2, 30659 Hannover\",\"value\":25622},{\"name\":\"KOMED im Mediapark\",\"value\":19782},{\"name\":\"K\\u00f6niglicher Pferdestall, Leibniz Universit\\u00e4t Hannover\",\"value\":25894},{\"name\":\"Mittelstand-Digital Zentrum Lingen.M\\u00fcnster.Osnabr\\u00fcck\",\"value\":22806},{\"name\":\"NFF - Nieders\\u00e4chsisches Forschungszentrum Fahrzeugtechnik\",\"value\":22780},{\"name\":\"Niedersachsen.next\",\"value\":27541},{\"name\":\"Nieders\\u00e4chsisches Forschungszentrum f\\u00fcr Fahrzeugtechnik\",\"value\":14947},{\"name\":\"Online\",\"value\":14603},{\"name\":\"Online\",\"value\":27506},{\"name\":\"Online\",\"value\":15068},{\"name\":\"Opernplatz Hannover\",\"value\":12369},{\"name\":\"Schlossplatz Braunschweig\",\"value\":12558},{\"name\":\"Seminarraum Nordhorn\",\"value\":22546},{\"name\":\"Tagungszentrum der Handwerkskammer Hannover\",\"value\":13844},{\"name\":\"Technikhalle Messegel\\u00e4nde\",\"value\":13257},{\"name\":\"Transformationswerk\",\"value\":13016},{\"name\":\"TU Braunschweig, Institut f\\u00fcr Konstruktionstechnik\",\"value\":19573},{\"name\":\"Ulderup Akademie\",\"value\":19807},{\"name\":\"Vechte Arkaden\",\"value\":24161},{\"name\":\"VentureVilla\",\"value\":26446},{\"name\":\"Veranstaltungszentrum \\\"Rotation\\\"\",\"value\":13058},{\"name\":\"Wilhelm5\",\"value\":15430},{\"name\":\"zedita\",\"value\":19937}],\"free\":null,\"currentValue\":[],\"isActiveFilter\":true,\"queryArgs\":[],\"joinClause\":\"\",\"whereClause\":\"\",\"stack_managed\":false},\"label\":\"Ort\",\"selections_count\":\"\",\"selections\":\"\",\"toggle_id\":\"filterbar_venue-toggle-e9de4858-9b5f-4942-8556-216e0f61c317\",\"container_id\":\"filterbar_venue-container-e9de4858-9b5f-4942-8556-216e0f61c317\",\"pill_toggle_id\":\"filterbar_venue-pill-toggle-e9de4858-9b5f-4942-8556-216e0f61c317\",\"is_open\":false,\"name\":\"tribe_venues[]\",\"fields\":[{\"type\":\"multiselect\",\"value\":\"\",\"id\":\"tribe-events-filterbar-88e2870d-filterbar_venue\",\"name\":\"tribe_venues[]\",\"options\":[{\"text\":\"Agentur f\\u00fcr Arbeit Hannover\",\"id\":\"15317\",\"value\":15317},{\"text\":\"Courtyard Hotel\",\"id\":\"13819\",\"value\":13819},{\"text\":\"CyberSicher Zukunftstag\",\"id\":\"24169\",\"value\":24169},{\"text\":\"Deutsche Messe Technology Academy\",\"id\":\"13813\",\"value\":13813},{\"text\":\"Dr. Buhmann Schule & Akademie\",\"id\":\"16229\",\"value\":16229},{\"text\":\"Emsland GmbH, Hasel\\u00fcnner Stra\\u00dfe 3, Meppen, Deutschland\",\"id\":\"25607\",\"value\":25607},{\"text\":\"Forschungszentrum L3S\",\"id\":\"18424\",\"value\":18424},{\"text\":\"Glaspalast im Forschungszentrum L3S\",\"id\":\"13874\",\"value\":13874},{\"text\":\"Handwerkskammer Hannover\",\"id\":\"24404\",\"value\":24404},{\"text\":\"Hasel\\u00fcnner Stra\\u00dfe 3, 49716 Meppen, Deutschland\",\"id\":\"24720\",\"value\":24720},{\"text\":\"ICM &#8211; Internationales Congress Center M\\u00fcnchen\",\"id\":\"16126\",\"value\":16126},{\"text\":\"IFW - Institut f\\u00fcr Fertigungstechnik und Werkzeugmaschinen - Leibniz Universit\\u00e4t Hannover\",\"id\":\"14504\",\"value\":14504},{\"text\":\"IG Metall\",\"id\":\"14882\",\"value\":14882},{\"text\":\"IHK Hannover\",\"id\":\"24408\",\"value\":24408},{\"text\":\"IT-Zentrum Lingen\",\"id\":\"24624\",\"value\":24624},{\"text\":\"IT-Zentrum Lingen\",\"id\":\"15496\",\"value\":15496},{\"text\":\"IT-Zentrum Lingen\",\"id\":\"19105\",\"value\":19105},{\"text\":\"IT-Zentrum Lingen, Kaiserstra\\u00dfe 10B, Lingen (Ems), Deutschland\",\"id\":\"25617\",\"value\":25617},{\"text\":\"IT-Zentrum Lingen, Kaiserstra\\u00dfe 10B, Lingen (Ems), Deutschland\",\"id\":\"25695\",\"value\":25695},{\"text\":\"Karriere-Campus Hannover \\u2013 Swiss Life \\u2013 Swiss-Life-Platz 2, 30659 Hannover\",\"id\":\"25622\",\"value\":25622},{\"text\":\"KOMED im Mediapark\",\"id\":\"19782\",\"value\":19782},{\"text\":\"K\\u00f6niglicher Pferdestall, Leibniz Universit\\u00e4t Hannover\",\"id\":\"25894\",\"value\":25894},{\"text\":\"Mittelstand-Digital Zentrum Lingen.M\\u00fcnster.Osnabr\\u00fcck\",\"id\":\"22806\",\"value\":22806},{\"text\":\"NFF - Nieders\\u00e4chsisches Forschungszentrum Fahrzeugtechnik\",\"id\":\"22780\",\"value\":22780},{\"text\":\"Niedersachsen.next\",\"id\":\"27541\",\"value\":27541},{\"text\":\"Nieders\\u00e4chsisches Forschungszentrum f\\u00fcr Fahrzeugtechnik\",\"id\":\"14947\",\"value\":14947},{\"text\":\"Online\",\"id\":\"14603\",\"value\":14603},{\"text\":\"Online\",\"id\":\"27506\",\"value\":27506},{\"text\":\"Online\",\"id\":\"15068\",\"value\":15068},{\"text\":\"Opernplatz Hannover\",\"id\":\"12369\",\"value\":12369},{\"text\":\"Schlossplatz Braunschweig\",\"id\":\"12558\",\"value\":12558},{\"text\":\"Seminarraum Nordhorn\",\"id\":\"22546\",\"value\":22546},{\"text\":\"Tagungszentrum der Handwerkskammer Hannover\",\"id\":\"13844\",\"value\":13844},{\"text\":\"Technikhalle Messegel\\u00e4nde\",\"id\":\"13257\",\"value\":13257},{\"text\":\"Transformationswerk\",\"id\":\"13016\",\"value\":13016},{\"text\":\"TU Braunschweig, Institut f\\u00fcr Konstruktionstechnik\",\"id\":\"19573\",\"value\":19573},{\"text\":\"Ulderup Akademie\",\"id\":\"19807\",\"value\":19807},{\"text\":\"Vechte Arkaden\",\"id\":\"24161\",\"value\":24161},{\"text\":\"VentureVilla\",\"id\":\"26446\",\"value\":26446},{\"text\":\"Veranstaltungszentrum \\\"Rotation\\\"\",\"id\":\"13058\",\"value\":13058},{\"text\":\"Wilhelm5\",\"id\":\"15430\",\"value\":15430},{\"text\":\"zedita\",\"id\":\"19937\",\"value\":19937}]}],\"type\":\"multiselect\"},{\"filter_object\":{\"type\":\"multiselect\",\"name\":\"Organisator\",\"slug\":\"filterbar_organizer\",\"priority\":9,\"values\":[{\"name\":\"Allianz f\\u00fcr die Region GmbH Team ReTraSON\",\"value\":15431},{\"name\":\"Baugewerbe-Verband Niedersachsen\",\"value\":19929},{\"name\":\"Bechtle IT-Systemhaus Hannover\",\"value\":13278},{\"name\":\"DAISEC\",\"value\":13005},{\"name\":\"Digitalagentur Niedersachsen\",\"value\":22691},{\"name\":\"Digitales Hannover e.V.\",\"value\":12384},{\"name\":\"Handwerkskammer Dortmund Bildungszentrum Hansemann\",\"value\":24557},{\"name\":\"Handwerkskammer Hannover Projekt- und Servicegesellschaft mbH\",\"value\":13847},{\"name\":\"HANNOVER MESSE\",\"value\":18138},{\"name\":\"hwk f\\u00fcr Schwaben\",\"value\":14602},{\"name\":\"IG Metall\",\"value\":14877},{\"name\":\"IHK Schwarzwald-Baar-Heuberg\",\"value\":17486},{\"name\":\"Innovationsnetzwerk Niedersachsen\",\"value\":15155},{\"name\":\"Juliane Tholen, it.emsland\",\"value\":27540},{\"name\":\"kreHtiv Netzwerk Hannover e.V.\",\"value\":13820},{\"name\":\"Mittelstand-Digital Zentren\",\"value\":14876},{\"name\":\"Mittelstand-Digital Zentrum Hannover\",\"value\":20590},{\"name\":\"Mittelstand-Digital Zentrum Lingen.M\\u00fcnser.Osnabr\\u00fcck\",\"value\":25690},{\"name\":\"Mittelstand-Digital Zentrum Lingen.M\\u00fcnster.Osnabr\\u00fcck\",\"value\":20628},{\"name\":\"NachwuchsKraft\",\"value\":12711},{\"name\":\"NBank\",\"value\":24397},{\"name\":\"Nieders\\u00e4chsische Marketinggesellschaft e. V.\",\"value\":13057},{\"name\":\"Nieders\\u00e4chsisches Forschungszentrum Fahrzeugtechnik (NFF)\",\"value\":12564},{\"name\":\"Region Hannover\",\"value\":13009},{\"name\":\"Robokind\",\"value\":15316},{\"name\":\"Stadt Braunschweig\",\"value\":12568},{\"name\":\"Transferstelle Cybersicherheit\",\"value\":21554}],\"free\":null,\"currentValue\":[],\"isActiveFilter\":true,\"queryArgs\":[],\"joinClause\":\"\",\"whereClause\":\"\",\"stack_managed\":false},\"label\":\"Organisator\",\"selections_count\":\"\",\"selections\":\"\",\"toggle_id\":\"filterbar_organizer-toggle-e9de4858-9b5f-4942-8556-216e0f61c317\",\"container_id\":\"filterbar_organizer-container-e9de4858-9b5f-4942-8556-216e0f61c317\",\"pill_toggle_id\":\"filterbar_organizer-pill-toggle-e9de4858-9b5f-4942-8556-216e0f61c317\",\"is_open\":false,\"name\":\"tribe_organizers[]\",\"fields\":[{\"type\":\"multiselect\",\"value\":\"\",\"id\":\"tribe-events-filterbar-35f24e68-filterbar_organizer\",\"name\":\"tribe_organizers[]\",\"options\":[{\"text\":\"Allianz f\\u00fcr die Region GmbH Team ReTraSON\",\"id\":\"15431\",\"value\":15431},{\"text\":\"Baugewerbe-Verband Niedersachsen\",\"id\":\"19929\",\"value\":19929},{\"text\":\"Bechtle IT-Systemhaus Hannover\",\"id\":\"13278\",\"value\":13278},{\"text\":\"DAISEC\",\"id\":\"13005\",\"value\":13005},{\"text\":\"Digitalagentur Niedersachsen\",\"id\":\"22691\",\"value\":22691},{\"text\":\"Digitales Hannover e.V.\",\"id\":\"12384\",\"value\":12384},{\"text\":\"Handwerkskammer Dortmund Bildungszentrum Hansemann\",\"id\":\"24557\",\"value\":24557},{\"text\":\"Handwerkskammer Hannover Projekt- und Servicegesellschaft mbH\",\"id\":\"13847\",\"value\":13847},{\"text\":\"HANNOVER MESSE\",\"id\":\"18138\",\"value\":18138},{\"text\":\"hwk f\\u00fcr Schwaben\",\"id\":\"14602\",\"value\":14602},{\"text\":\"IG Metall\",\"id\":\"14877\",\"value\":14877},{\"text\":\"IHK Schwarzwald-Baar-Heuberg\",\"id\":\"17486\",\"value\":17486},{\"text\":\"Innovationsnetzwerk Niedersachsen\",\"id\":\"15155\",\"value\":15155},{\"text\":\"Juliane Tholen, it.emsland\",\"id\":\"27540\",\"value\":27540},{\"text\":\"kreHtiv Netzwerk Hannover e.V.\",\"id\":\"13820\",\"value\":13820},{\"text\":\"Mittelstand-Digital Zentren\",\"id\":\"14876\",\"value\":14876},{\"text\":\"Mittelstand-Digital Zentrum Hannover\",\"id\":\"20590\",\"value\":20590},{\"text\":\"Mittelstand-Digital Zentrum Lingen.M\\u00fcnser.Osnabr\\u00fcck\",\"id\":\"25690\",\"value\":25690},{\"text\":\"Mittelstand-Digital Zentrum Lingen.M\\u00fcnster.Osnabr\\u00fcck\",\"id\":\"20628\",\"value\":20628},{\"text\":\"NachwuchsKraft\",\"id\":\"12711\",\"value\":12711},{\"text\":\"NBank\",\"id\":\"24397\",\"value\":24397},{\"text\":\"Nieders\\u00e4chsische Marketinggesellschaft e. V.\",\"id\":\"13057\",\"value\":13057},{\"text\":\"Nieders\\u00e4chsisches Forschungszentrum Fahrzeugtechnik (NFF)\",\"id\":\"12564\",\"value\":12564},{\"text\":\"Region Hannover\",\"id\":\"13009\",\"value\":13009},{\"text\":\"Robokind\",\"id\":\"15316\",\"value\":15316},{\"text\":\"Stadt Braunschweig\",\"id\":\"12568\",\"value\":12568},{\"text\":\"Transferstelle Cybersicherheit\",\"id\":\"21554\",\"value\":21554}]}],\"type\":\"multiselect\"}],\"events\":[10000302,10000289,10000284],\"url\":\"https:\\\/\\\/daisec.de\\\/en\\\/?post_type=tribe_events&eventDisplay=widget-events-list\",\"url_event_date\":false,\"bar\":{\"keyword\":\"\",\"date\":\"\"},\"today\":\"2026-04-28 00:00:00\",\"now\":\"2026-04-28 02:52:42\",\"home_url\":\"https:\\\/\\\/daisec.de\\\/en\",\"rest_url\":\"https:\\\/\\\/daisec.de\\\/en\\\/wp-json\\\/tribe\\\/views\\\/v2\\\/html\",\"rest_method\":\"GET\",\"rest_nonce\":\"\",\"today_url\":\"https:\\\/\\\/daisec.de\\\/en\\\/?post_type=tribe_events&eventDisplay=widget-events-list&rest_route=%2Fwp%2Fv2%2Ftribe_events%2F14875\",\"today_title\":\"Click to select today's date\",\"today_label\":\"Today\",\"prev_label\":\"\",\"next_label\":\"\",\"date_formats\":{\"compact\":\"d.m.Y\",\"month_and_year_compact\":\"m.Y\",\"month_and_year\":\"F Y\",\"time_range_separator\":\" - \",\"date_time_separator\":\"| \"},\"messages\":[],\"start_of_week\":\"1\",\"header_title\":\"\",\"header_title_element\":\"h1\",\"content_title\":\"\",\"show_content_title\":false,\"breadcrumbs\":[],\"backlink\":false,\"before_events\":\"\",\"after_events\":\"\\n<!--\\nThis calendar is powered by The Events Calendar.\\nhttp:\\\/\\\/evnt.is\\\/18wn\\n-->\\n\",\"display_events_bar\":false,\"disable_event_search\":false,\"live_refresh\":true,\"ical\":{\"display_link\":true,\"link\":{\"url\":\"https:\\\/\\\/daisec.de\\\/en\\\/?post_type=tribe_events&#038;eventDisplay=widget-events-list&#038;ical=1\",\"text\":\"Export Events\",\"title\":\"Use this to share calendar data with Google Calendar, Apple iCal and other compatible apps\"}},\"container_classes\":[\"tribe-common\",\"tribe-events\",\"tribe-events-view\",\"tribe-events-view--widget-events-list\",\"tribe-events-widget\"],\"container_data\":[],\"is_past\":false,\"breakpoints\":{\"xsmall\":500,\"medium\":768,\"full\":960},\"breakpoint_pointer\":\"e9de4858-9b5f-4942-8556-216e0f61c317\",\"is_initial_load\":false,\"public_views\":{\"list\":{\"view_class\":\"Tribe\\\\Events\\\\Views\\\\V2\\\\Views\\\\List_View\",\"view_url\":\"https:\\\/\\\/daisec.de\\\/en\\\/events\\\/(\\\/?:list|liste)\\\/\",\"view_label\":\"List\",\"aria_label\":\"Display Events in List View\"},\"month\":{\"view_class\":\"Tribe\\\\Events\\\\Views\\\\V2\\\\Views\\\\Month_View\",\"view_url\":\"https:\\\/\\\/daisec.de\\\/en\\\/events\\\/(\\\/?:month|monat)\\\/\",\"view_label\":\"Month\",\"aria_label\":\"Display Events in Month View\"},\"day\":{\"view_class\":\"Tribe\\\\Events\\\\Views\\\\V2\\\\Views\\\\Day_View\",\"view_url\":\"https:\\\/\\\/daisec.de\\\/en\\\/events\\\/(\\\/?:today|heute)\\\/\",\"view_label\":\"Day\",\"aria_label\":\"Display Events in Day View\"}},\"show_latest_past\":false,\"past\":false,\"compatibility_classes\":[\"tribe-compatibility-container\"],\"view_more_text\":\"View Calendar\",\"view_more_title\":\"View more events.\",\"view_more_link\":\"https:\\\/\\\/daisec.de\\\/en\\\/events\\\/\",\"widget_title\":\"Kommende Veranstaltungen\",\"hide_if_no_upcoming_events\":true,\"display\":{\"cost\":false,\"venue\":false,\"street\":false,\"city\":false,\"region\":false,\"zip\":false,\"country\":false,\"phone\":false,\"organizer\":false,\"website\":false},\"subscribe_links\":{\"gcal\":{\"label\":\"Google Calendar\",\"single_label\":\"Add to Google Calendar\",\"visible\":true,\"block_slug\":\"hasGoogleCalendar\"},\"ical\":{\"label\":\"iCalendar\",\"single_label\":\"Add to iCalendar\",\"visible\":true,\"block_slug\":\"hasiCal\"},\"outlook-365\":{\"label\":\"Outlook 365\",\"single_label\":\"Outlook 365\",\"visible\":true,\"block_slug\":\"hasOutlook365\"},\"outlook-live\":{\"label\":\"Outlook Live\",\"single_label\":\"Outlook Live\",\"visible\":true,\"block_slug\":\"hasOutlookLive\"},\"ics\":{\"label\":\"Export .ics file\",\"single_label\":\"Export .ics file\",\"visible\":true,\"block_slug\":null},\"outlook-ics\":{\"label\":\"Export Outlook .ics file\",\"single_label\":\"Export Outlook .ics file\",\"visible\":true,\"block_slug\":null}},\"layout\":\"vertical\",\"filterbar_state\":\"open\",\"selected_filters\":[],\"mobile_initial_state_control\":true,\"display_recurring_toggle\":false,\"_context\":{\"slug\":\"widget-events-list\"}}<\/script>\n\n\t\t\t\t\t\t\t<header class=\"tribe-events-widget-events-list__header\">\n\t\t\t\t\t<h2 class=\"tribe-events-widget-events-list__header-title tribe-common-h6 tribe-common-h--alt\">\n\t\t\t\t\t\tKommende Veranstaltungen\t\t\t\t\t<\/h2>\n\t\t\t\t<\/header>\n\t\t\t\n\t\t\t\n\t\t\t\t<div class=\"tribe-events-widget-events-list__events\">\n\t\t\t\t\t\t\t\t\t\t\t<div  class=\"tribe-common-g-row tribe-events-widget-events-list__event-row\" >\n\n\t<div class=\"tribe-events-widget-events-list__event-date-tag tribe-common-g-col\">\n\t<time class=\"tribe-events-widget-events-list__event-date-tag-datetime\" datetime=\"2026-04-29\">\n\t\t<span class=\"tribe-events-widget-events-list__event-date-tag-month\">\n\t\t\tApr\t\t<\/span>\n\t\t<span class=\"tribe-events-widget-events-list__event-date-tag-daynum tribe-common-h2 tribe-common-h4--min-medium\">\n\t\t\t29\t\t<\/span>\n\t<\/time>\n<\/div>\n\n\t<div class=\"tribe-events-widget-events-list__event-wrapper tribe-common-g-col\">\n\t\t<article  class=\"tribe-events-widget-events-list__event post-10000302 tribe_events type-tribe_events status-publish has-post-thumbnail hentry tag-cybersicherheit tag-ki tag-schulung tribe_events_cat-webinar tribe_events_cat-workshops cat_public\" >\n\t\t\t<div class=\"tribe-events-widget-events-list__event-details\">\n\n\t\t\t\t<header class=\"tribe-events-widget-events-list__event-header\">\n\t\t\t\t\t<div class=\"tribe-events-widget-events-list__event-datetime-wrapper tribe-common-b2 tribe-common-b3--min-medium\">\n\t\t<time class=\"tribe-events-widget-events-list__event-datetime\" datetime=\"2026-04-29\">\n\t\t<span class=\"tribe-event-date-start\">14:00<\/span> &#8211; <span class=\"tribe-event-time\">15:30<\/span>\t<\/time>\n\t<\/div>\n\t\t\t\t\t<h3 class=\"tribe-events-widget-events-list__event-title tribe-common-h7\">\n\t<a href=\"https:\/\/daisec.de\/en\/event\/ki-wissensmanagement-llms-rag-cloud-uberblick-und-orientierung-29-04-26\/\" title=\"KI-Wissensmanagement mit LLMs, RAG und lokalen sowie cloudbasierten Ans\u00e4tzen 1 \u2013 \u00dcberblick und Orientierung\" rel=\"bookmark\" class=\"tribe-events-widget-events-list__event-title-link tribe-common-anchor-thin\">\n\t\tKI-Wissensmanagement mit LLMs, RAG und lokalen sowie cloudbasierten Ans\u00e4tzen 1 \u2013 \u00dcberblick und Orientierung\t<\/a>\n<\/h3>\n\t\t\t\t<\/header>\n\n\t\t\t\t\n\t\t\t<\/div>\n\t\t<\/article>\n\t<\/div>\n\n<\/div>\n\t\t\t\t\t\t\t\t\t\t\t<div  class=\"tribe-common-g-row tribe-events-widget-events-list__event-row\" >\n\n\t<div class=\"tribe-events-widget-events-list__event-date-tag tribe-common-g-col\">\n\t<time class=\"tribe-events-widget-events-list__event-date-tag-datetime\" datetime=\"2026-05-07\">\n\t\t<span class=\"tribe-events-widget-events-list__event-date-tag-month\">\n\t\t\tMay\t\t<\/span>\n\t\t<span class=\"tribe-events-widget-events-list__event-date-tag-daynum tribe-common-h2 tribe-common-h4--min-medium\">\n\t\t\t7\t\t<\/span>\n\t<\/time>\n<\/div>\n\n\t<div class=\"tribe-events-widget-events-list__event-wrapper tribe-common-g-col\">\n\t\t<article  class=\"tribe-events-widget-events-list__event post-10000289 tribe_events type-tribe_events status-publish has-post-thumbnail hentry tag-forum tag-ki tag-star-ups tag-verwaltung tag-werkbank tag-workshop cat_public\" >\n\t\t\t<div class=\"tribe-events-widget-events-list__event-details\">\n\n\t\t\t\t<header class=\"tribe-events-widget-events-list__event-header\">\n\t\t\t\t\t<div class=\"tribe-events-widget-events-list__event-datetime-wrapper tribe-common-b2 tribe-common-b3--min-medium\">\n\t\t<time class=\"tribe-events-widget-events-list__event-datetime\" datetime=\"2026-05-07\">\n\t\t<span class=\"tribe-event-date-start\">16:30<\/span> &#8211; <span class=\"tribe-event-time\">19:00<\/span>\t<\/time>\n\t<\/div>\n\t\t\t\t\t<h3 class=\"tribe-events-widget-events-list__event-title tribe-common-h7\">\n\t<a href=\"https:\/\/www.it-emsland.de\/veranstaltung-temp\/2-ki-werkbank-forum-2026-lingen\/\" title=\"2. KI Werkbank Forum 2026 (Lingen)\" rel=\"bookmark noopener\" class=\"tribe-events-widget-events-list__event-title-link tribe-common-anchor-thin\" target=\"_blank\">\n\t\t2. KI Werkbank Forum 2026 (Lingen)\t<\/a>\n<\/h3>\n\t\t\t\t<\/header>\n\n\t\t\t\t\n\t\t\t<\/div>\n\t\t<\/article>\n\t<\/div>\n\n<\/div>\n\t\t\t\t\t\t\t\t\t\t\t<div  class=\"tribe-common-g-row tribe-events-widget-events-list__event-row\" >\n\n\t<div class=\"tribe-events-widget-events-list__event-date-tag tribe-common-g-col\">\n\t<time class=\"tribe-events-widget-events-list__event-date-tag-datetime\" datetime=\"2026-05-12\">\n\t\t<span class=\"tribe-events-widget-events-list__event-date-tag-month\">\n\t\t\tMay\t\t<\/span>\n\t\t<span class=\"tribe-events-widget-events-list__event-date-tag-daynum tribe-common-h2 tribe-common-h4--min-medium\">\n\t\t\t12\t\t<\/span>\n\t<\/time>\n<\/div>\n\n\t<div class=\"tribe-events-widget-events-list__event-wrapper tribe-common-g-col\">\n\t\t<article  class=\"tribe-events-widget-events-list__event post-10000284 tribe_events type-tribe_events status-publish has-post-thumbnail hentry tag-ki tag-produktion tag-workshop tribe_events_cat-workshops cat_public\" >\n\t\t\t<div class=\"tribe-events-widget-events-list__event-details\">\n\n\t\t\t\t<header class=\"tribe-events-widget-events-list__event-header\">\n\t\t\t\t\t<div class=\"tribe-events-widget-events-list__event-datetime-wrapper tribe-common-b2 tribe-common-b3--min-medium\">\n\t\t<time class=\"tribe-events-widget-events-list__event-datetime\" datetime=\"2026-05-12\">\n\t\t<span class=\"tribe-event-date-start\">10:00<\/span> &#8211; <span class=\"tribe-event-time\">11:30<\/span>\t<\/time>\n\t<\/div>\n\t\t\t\t\t<h3 class=\"tribe-events-widget-events-list__event-title tribe-common-h7\">\n\t<a href=\"https:\/\/daisec.de\/en\/event\/ki-agenten-produktion-12-05-2026\/\" title=\"KI-Agenten in der Produktion\" rel=\"bookmark\" class=\"tribe-events-widget-events-list__event-title-link tribe-common-anchor-thin\">\n\t\tKI-Agenten in der Produktion\t<\/a>\n<\/h3>\n\t\t\t\t<\/header>\n\n\t\t\t\t\n\t\t\t<\/div>\n\t\t<\/article>\n\t<\/div>\n\n<\/div>\n\t\t\t\t\t\t\t\t\t<\/div>\n\n\t\t\t\t<div class=\"tribe-events-widget-events-list__view-more tribe-common-b1 tribe-common-b2--min-medium\">\n\t<a href=\"https:\/\/daisec.de\/en\/events\/\" class=\"tribe-events-widget-events-list__view-more-link tribe-common-anchor-thin\" title=\"View more events.\">\n\t\tView Calendar\t<\/a>\n<\/div>\n\n\t\t\t\t\t<\/div>\n\t<\/div>\n<\/div>\n<script data-js='tribe-events-view-nonce-data' type='application\/json'>{\"tvn1\":\"5007e63078\",\"tvn2\":\"\"}<\/script>\n","protected":false},"excerpt":{"rendered":"<p>Das Event zeigt M\u00f6glichkeiten der Digitalisierung als Aspekt der Fachkr\u00e4ftesicherung im Handwerk auf und diskutiert die Chancen und Risiken durch den Wandel der Arbeitswelt<\/p>","protected":false},"author":6,"featured_media":14883,"template":"","meta":{"_tec_requires_first_save":false,"_price":"","_stock":"","_tribe_ticket_header":"","_tribe_default_ticket_provider":"","_tribe_ticket_capacity":"","_ticket_start_date":"","_ticket_end_date":"","_tribe_ticket_show_description":"","_tribe_ticket_show_not_going":false,"_tribe_ticket_use_global_stock":"","_tribe_ticket_global_stock_level":"","_global_stock_mode":"","_global_stock_cap":"","_tribe_rsvp_for_event":"","_tribe_ticket_going_count":"","_tribe_ticket_not_going_count":"","_tribe_tickets_list":"[]","_tribe_ticket_has_attendee_info_fields":false,"_EventAllDay":false,"_EventTimezone":"Europe\/Berlin","_EventStartDate":"2023-09-21 10:00:00","_EventEndDate":"2023-09-21 16:00:00","_EventStartDateUTC":"2023-09-21 08:00:00","_EventEndDateUTC":"2023-09-21 14:00:00","_EventShowMap":false,"_EventShowMapLink":true,"_EventURL":"","_EventCost":"Free","_EventCostDescription":"","_EventCurrencySymbol":"\u20ac","_EventCurrencyCode":"EUR","_EventCurrencyPosition":"suffix","_EventDateTimeSeparator":"| ","_EventTimeRangeSeparator":" - ","_EventOrganizerID":[14876,14877],"_EventVenueID":[14882],"_OrganizerEmail":"","_OrganizerPhone":"","_OrganizerWebsite":"","_VenueAddress":"","_VenueCity":"","_VenueCountry":"","_VenueProvince":"","_VenueState":"","_VenueZip":"","_VenuePhone":"","_VenueURL":"","_VenueStateProvince":"","_VenueLat":"","_VenueLng":"","_VenueShowMap":false,"_VenueShowMapLink":false,"_tribe_blocks_recurrence_rules":"","_tribe_blocks_recurrence_description":"","_tribe_blocks_recurrence_exclusions":"","_tribe_events_status":"","_tribe_events_status_reason":"","_tribe_events_is_hybrid":"","_tribe_events_is_virtual":"","_tribe_events_virtual_video_source":"","_tribe_events_virtual_embed_video":"","_tribe_events_virtual_linked_button_text":"","_tribe_events_virtual_linked_button":"","_tribe_events_virtual_show_embed_at":"","_tribe_events_virtual_show_embed_to":[],"_tribe_events_virtual_show_on_event":"","_tribe_events_virtual_show_on_views":"","_tribe_events_virtual_url":"","footnotes":"","_tec_slr_enabled":"","_tec_slr_layout":""},"tags":[44,36,21],"tribe_events_cat":[30],"class_list":["post-14875","tribe_events","type-tribe_events","status-publish","has-post-thumbnail","hentry","tag-handwerk","tag-ki","tag-partner","tribe_events_cat-public","cat_public"],"ticketed":false,"_links":{"self":[{"href":"https:\/\/daisec.de\/en\/wp-json\/wp\/v2\/tribe_events\/14875","targetHints":{"allow":["GET"]}}],"collection":[{"href":"https:\/\/daisec.de\/en\/wp-json\/wp\/v2\/tribe_events"}],"about":[{"href":"https:\/\/daisec.de\/en\/wp-json\/wp\/v2\/types\/tribe_events"}],"author":[{"embeddable":true,"href":"https:\/\/daisec.de\/en\/wp-json\/wp\/v2\/users\/6"}],"version-history":[{"count":0,"href":"https:\/\/daisec.de\/en\/wp-json\/wp\/v2\/tribe_events\/14875\/revisions"}],"wp:featuredmedia":[{"embeddable":true,"href":"https:\/\/daisec.de\/en\/wp-json\/wp\/v2\/media\/14883"}],"wp:attachment":[{"href":"https:\/\/daisec.de\/en\/wp-json\/wp\/v2\/media?parent=14875"}],"wp:term":[{"taxonomy":"post_tag","embeddable":true,"href":"https:\/\/daisec.de\/en\/wp-json\/wp\/v2\/tags?post=14875"},{"taxonomy":"tribe_events_cat","embeddable":true,"href":"https:\/\/daisec.de\/en\/wp-json\/wp\/v2\/tribe_events_cat?post=14875"}],"curies":[{"name":"wp","href":"https:\/\/api.w.org\/{rel}","templated":true}]}}